{"id":547,"date":"2013-03-08T09:35:52","date_gmt":"2013-03-08T09:35:52","guid":{"rendered":"http:\/\/www.gyekenyes-szallasajanlo.hu\/?page_id=547"},"modified":"2018-06-27T14:41:39","modified_gmt":"2018-06-27T14:41:39","slug":"haz-2","status":"publish","type":"page","link":"https:\/\/www.gyekenyes-szallasajanlo.hu\/sk\/nasa-ponuka\/haz-2\/","title":{"rendered":"96-98.- Zelen\u00e1 a oran\u017eov\u00e1"},"content":{"rendered":"<p>A h\u00e1z alapter\u00fclete 14X5m, k\u00e9tszintes. A f\u00f6ldszinten van a f\u00fcrd\u0151szoba, teljesen felszerelt amerikai konyha<i>(h\u0171t\u0151,fagyaszt\u00f3,mikr\u00f3,g\u00e1zt\u0171zhely,\u00e9tk\u00e9szlet,k\u00e1v\u00e9f\u0151z\u0151),egy el\u0151t\u00e9r ahol k\u00e9t egyszem\u00e9lyes \u00e1gy tal\u00e1lhat\u00f3 (horg\u00e1szok kedvelt helye) , \u00e9s egy nyitott terasz.<\/i><br \/>\nAz emeleten van k\u00e9t szoba, mindk\u00e9t szob\u00e1hoz egy-egy erk\u00e9ly tartozik. Szob\u00e1nk\u00e9nt 3-3 f\u0151 f\u00e9r el, mindegyik szob\u00e1ban van 1-1 francia \u00e1gy illetve 1-1 egyszem\u00e9lyes \u00e1gy. \u00cdgy j\u00f6n ki a 8 f\u0151. Sz\u00fcks\u00e9g eset\u00e9n 1-2 f\u0151 sz\u00e1m\u00e1ra p\u00f3t\u00e1gy is betehet\u0151. Nagyobb egy\u00fctt \u00e9rkez\u0151 csapat eset\u00e9n a k\u00e9k \u00e9s a narancss\u00e1rga , z\u00f6ld \u00e9s a piros h\u00e1z a f\u00f6ldszinten \u00f6sszenyithat\u00f3.<br \/>\nMinden h\u00e1z biztons\u00e1gi rendszerrel, t\u00e9rfigyel\u0151 kamer\u00e1val van felszerelve. Az idei \u00e9vt\u0151l kezd\u0151d\u0151en minden szob\u00e1ban illetve a f\u00f6ldszinten k\u00e1belt\u00e9v\u00e9vel ,\u00e9s az udvaron is foghat\u00f3 wifi-vel v\u00e1rjuk vend\u00e9geinket.<br \/>\nA h\u00e1zhoz nagy udvar tartozik , \u00edgy a h\u00e1z mell\u00e9 , z\u00e1rt udvarba lehet parkolni. Ez megk\u00f6nny\u00edti a ki-be pakol\u00e1st illetve biztons\u00e1gi szempontokb\u00f3l is el\u0151ny\u00f6s.<br \/>\nA h\u00e1z k\u00fcls\u0151 szigetel\u00e9ssel \u00e9s g\u00e1zkonvektorral van felszerelve \u00edgy hidegebb id\u0151ben is komfortos pihen\u00e9st biztos\u00edtunk.<br \/>\nAz udvaron es\u0151 ellen v\u00e9detett kerti pad, 2db napoz\u00f3\u00e1gy,bogr\u00e1cs, t\u00e1rcsa, kicsi grill, bizonyos mennyis\u00e9g\u0171 fa rendelkez\u00e9sre \u00e1ll.<\/p>\n<p>&nbsp;<\/p>\n<p>A h\u00e1zhoz tartozik egy 8m hossz\u00fa st\u00e9g, itt 2 horg\u00e1sz biztons\u00e1gosan elf\u00e9r. \u00d6sszesen 2+1 horg\u00e1sz. Minden h\u00e1zhoz tartozik egy saj\u00e1t cs\u00f3nak is.<br \/>\nA v\u00edzm\u00e9lys\u00e9g 5-13m k\u00f6z\u00f6tt v\u00e1ltozik. Meghorg\u00e1szhat\u00f3 ter\u00fclet hossz\u00fas\u00e1ga 3-400m is lehet, ez\u00e9rt aj\u00e1nlatos halradar haszn\u00e1lata. Ezzel nem rendelkez\u0151 vend\u00e9geinknek is pr\u00f3b\u00e1ltunk seg\u00edts\u00e9get ny\u00fajtani. Egy-k\u00e9t etet\u0151b\u00f3j\u00e1t helyezt\u00fcnk el a t\u00f6r\u00e9sekn\u00e9l, ezzel is seg\u00edteni szeretn\u00e9nk az eredm\u00e9nyesebb horg\u00e1szatot.<\/p>\n<p>&nbsp;<\/p>\n","protected":false},"excerpt":{"rendered":"<p>A h\u00e1z alapter\u00fclete 14X5m, k\u00e9tszintes. A f\u00f6ldszinten van a f\u00fcrd\u0151szoba, teljesen felszerelt amerikai konyha(h\u0171t\u0151,fagyaszt\u00f3,mikr\u00f3,g\u00e1zt\u0171zhely,\u00e9tk\u00e9szlet,k\u00e1v\u00e9f\u0151z\u0151),egy el\u0151t\u00e9r ahol k\u00e9t egyszem\u00e9lyes \u00e1gy tal\u00e1lhat\u00f3 (horg\u00e1szok kedvelt helye) , \u00e9s egy nyitott terasz. Az emeleten van k\u00e9t szoba, mindk\u00e9t szob\u00e1hoz egy-egy erk\u00e9ly tartozik. Szob\u00e1nk\u00e9nt 3-3 &hellip; <a href=\"https:\/\/www.gyekenyes-szallasajanlo.hu\/sk\/nasa-ponuka\/haz-2\/\">Continue reading <span class=\"meta-nav\">&rarr;<\/span><\/a><\/p>\n","protected":false},"author":1,"featured_media":645,"parent":494,"menu_order":20,"comment_status":"open","ping_status":"closed","template":"","meta":{"footnotes":""},"class_list":["post-547","page","type-page","status-publish","has-post-thumbnail","hentry"],"yoast_head":"<!-- This site is optimized with the Yoast SEO plugin v26.7 - https:\/\/yoast.com\/wordpress\/plugins\/seo\/ -->\n<title>Gy\u00e9k\u00e9nyes sz\u00e1ll\u00e1saj\u00e1n\u00f3 - sz\u00e1ll\u00e1sok a gy\u00e9k\u00e9nyesi t\u00f3 partj\u00e1n<\/title>\n<meta name=\"description\" content=\"Ezen a honlapon t\u00e1j\u00e9koz\u00f3dhatnak a gy\u00e9k\u00e9nyesi t\u00f3r\u00f3l illetve a v\u00edzparti sz\u00e1ll\u00e1s lehet\u0151s\u00e9geinkr\u0151l. Itt seg\u00edts\u00e9get tal\u00e1lnak a horg\u00e1szh\u00e1zak, nyaral\u00f3k kiv\u00e1laszt\u00e1s\u00e1ban.\" \/>\n<meta name=\"robots\" content=\"index, follow, max-snippet:-1, max-image-preview:large, max-video-preview:-1\" \/>\n<link rel=\"canonical\" href=\"https:\/\/www.gyekenyes-szallasajanlo.hu\/ajanlatunk\/haz-2\/\" \/>\n<meta name=\"twitter:label1\" content=\"Predpokladan\u00fd \u010das \u010d\u00edtania\" \/>\n\t<meta name=\"twitter:data1\" content=\"2 min\u00faty\" \/>\n<script type=\"application\/ld+json\" class=\"yoast-schema-graph\">{\"@context\":\"https:\/\/schema.org\",\"@graph\":[{\"@type\":\"WebPage\",\"@id\":\"https:\/\/www.gyekenyes-szallasajanlo.hu\/ajanlatunk\/haz-2\/\",\"url\":\"https:\/\/www.gyekenyes-szallasajanlo.hu\/ajanlatunk\/haz-2\/\",\"name\":\"Gy\u00e9k\u00e9nyes sz\u00e1ll\u00e1saj\u00e1n\u00f3 - sz\u00e1ll\u00e1sok a gy\u00e9k\u00e9nyesi t\u00f3 partj\u00e1n\",\"isPartOf\":{\"@id\":\"https:\/\/www.gyekenyes-szallasajanlo.hu\/#website\"},\"primaryImageOfPage\":{\"@id\":\"https:\/\/www.gyekenyes-szallasajanlo.hu\/ajanlatunk\/haz-2\/#primaryimage\"},\"image\":{\"@id\":\"https:\/\/www.gyekenyes-szallasajanlo.hu\/ajanlatunk\/haz-2\/#primaryimage\"},\"thumbnailUrl\":\"https:\/\/www.gyekenyes-szallasajanlo.hu\/files\/P1080136.jpg\",\"datePublished\":\"2013-03-08T09:35:52+00:00\",\"dateModified\":\"2018-06-27T14:41:39+00:00\",\"description\":\"Ezen a honlapon t\u00e1j\u00e9koz\u00f3dhatnak a gy\u00e9k\u00e9nyesi t\u00f3r\u00f3l illetve a v\u00edzparti sz\u00e1ll\u00e1s lehet\u0151s\u00e9geinkr\u0151l. Itt seg\u00edts\u00e9get tal\u00e1lnak a horg\u00e1szh\u00e1zak, nyaral\u00f3k kiv\u00e1laszt\u00e1s\u00e1ban.\",\"breadcrumb\":{\"@id\":\"https:\/\/www.gyekenyes-szallasajanlo.hu\/ajanlatunk\/haz-2\/#breadcrumb\"},\"inLanguage\":\"sk-SK\",\"potentialAction\":[{\"@type\":\"ReadAction\",\"target\":[\"https:\/\/www.gyekenyes-szallasajanlo.hu\/ajanlatunk\/haz-2\/\"]}]},{\"@type\":\"ImageObject\",\"inLanguage\":\"sk-SK\",\"@id\":\"https:\/\/www.gyekenyes-szallasajanlo.hu\/ajanlatunk\/haz-2\/#primaryimage\",\"url\":\"https:\/\/www.gyekenyes-szallasajanlo.hu\/files\/P1080136.jpg\",\"contentUrl\":\"https:\/\/www.gyekenyes-szallasajanlo.hu\/files\/P1080136.jpg\",\"width\":1000,\"height\":865},{\"@type\":\"BreadcrumbList\",\"@id\":\"https:\/\/www.gyekenyes-szallasajanlo.hu\/ajanlatunk\/haz-2\/#breadcrumb\",\"itemListElement\":[{\"@type\":\"ListItem\",\"position\":1,\"name\":\"Kezd\u0151lap\",\"item\":\"https:\/\/www.gyekenyes-szallasajanlo.hu\/\"},{\"@type\":\"ListItem\",\"position\":2,\"name\":\"Na\u0161a ponuka\",\"item\":\"https:\/\/www.gyekenyes-szallasajanlo.hu\/sk\/nasa-ponuka\/\"},{\"@type\":\"ListItem\",\"position\":3,\"name\":\"96-98.- Zelen\u00e1 a oran\u017eov\u00e1\"}]},{\"@type\":\"WebSite\",\"@id\":\"https:\/\/www.gyekenyes-szallasajanlo.hu\/#website\",\"url\":\"https:\/\/www.gyekenyes-szallasajanlo.hu\/\",\"name\":\"Gy\u00e9k\u00e9nyes sz\u00e1ll\u00e1saj\u00e1n\u00f3\",\"description\":\"Gy\u00e9k\u00e9nyes sz\u00e1ll\u00e1saj\u00e1n\u00f3\",\"potentialAction\":[{\"@type\":\"SearchAction\",\"target\":{\"@type\":\"EntryPoint\",\"urlTemplate\":\"https:\/\/www.gyekenyes-szallasajanlo.hu\/?s={search_term_string}\"},\"query-input\":{\"@type\":\"PropertyValueSpecification\",\"valueRequired\":true,\"valueName\":\"search_term_string\"}}],\"inLanguage\":\"sk-SK\"}]}<\/script>\n<!-- \/ Yoast SEO plugin. -->","yoast_head_json":{"title":"Gy\u00e9k\u00e9nyes sz\u00e1ll\u00e1saj\u00e1n\u00f3 - sz\u00e1ll\u00e1sok a gy\u00e9k\u00e9nyesi t\u00f3 partj\u00e1n","description":"Ezen a honlapon t\u00e1j\u00e9koz\u00f3dhatnak a gy\u00e9k\u00e9nyesi t\u00f3r\u00f3l illetve a v\u00edzparti sz\u00e1ll\u00e1s lehet\u0151s\u00e9geinkr\u0151l. Itt seg\u00edts\u00e9get tal\u00e1lnak a horg\u00e1szh\u00e1zak, nyaral\u00f3k kiv\u00e1laszt\u00e1s\u00e1ban.","robots":{"index":"index","follow":"follow","max-snippet":"max-snippet:-1","max-image-preview":"max-image-preview:large","max-video-preview":"max-video-preview:-1"},"canonical":"https:\/\/www.gyekenyes-szallasajanlo.hu\/ajanlatunk\/haz-2\/","twitter_misc":{"Predpokladan\u00fd \u010das \u010d\u00edtania":"2 min\u00faty"},"schema":{"@context":"https:\/\/schema.org","@graph":[{"@type":"WebPage","@id":"https:\/\/www.gyekenyes-szallasajanlo.hu\/ajanlatunk\/haz-2\/","url":"https:\/\/www.gyekenyes-szallasajanlo.hu\/ajanlatunk\/haz-2\/","name":"Gy\u00e9k\u00e9nyes sz\u00e1ll\u00e1saj\u00e1n\u00f3 - sz\u00e1ll\u00e1sok a gy\u00e9k\u00e9nyesi t\u00f3 partj\u00e1n","isPartOf":{"@id":"https:\/\/www.gyekenyes-szallasajanlo.hu\/#website"},"primaryImageOfPage":{"@id":"https:\/\/www.gyekenyes-szallasajanlo.hu\/ajanlatunk\/haz-2\/#primaryimage"},"image":{"@id":"https:\/\/www.gyekenyes-szallasajanlo.hu\/ajanlatunk\/haz-2\/#primaryimage"},"thumbnailUrl":"https:\/\/www.gyekenyes-szallasajanlo.hu\/files\/P1080136.jpg","datePublished":"2013-03-08T09:35:52+00:00","dateModified":"2018-06-27T14:41:39+00:00","description":"Ezen a honlapon t\u00e1j\u00e9koz\u00f3dhatnak a gy\u00e9k\u00e9nyesi t\u00f3r\u00f3l illetve a v\u00edzparti sz\u00e1ll\u00e1s lehet\u0151s\u00e9geinkr\u0151l. Itt seg\u00edts\u00e9get tal\u00e1lnak a horg\u00e1szh\u00e1zak, nyaral\u00f3k kiv\u00e1laszt\u00e1s\u00e1ban.","breadcrumb":{"@id":"https:\/\/www.gyekenyes-szallasajanlo.hu\/ajanlatunk\/haz-2\/#breadcrumb"},"inLanguage":"sk-SK","potentialAction":[{"@type":"ReadAction","target":["https:\/\/www.gyekenyes-szallasajanlo.hu\/ajanlatunk\/haz-2\/"]}]},{"@type":"ImageObject","inLanguage":"sk-SK","@id":"https:\/\/www.gyekenyes-szallasajanlo.hu\/ajanlatunk\/haz-2\/#primaryimage","url":"https:\/\/www.gyekenyes-szallasajanlo.hu\/files\/P1080136.jpg","contentUrl":"https:\/\/www.gyekenyes-szallasajanlo.hu\/files\/P1080136.jpg","width":1000,"height":865},{"@type":"BreadcrumbList","@id":"https:\/\/www.gyekenyes-szallasajanlo.hu\/ajanlatunk\/haz-2\/#breadcrumb","itemListElement":[{"@type":"ListItem","position":1,"name":"Kezd\u0151lap","item":"https:\/\/www.gyekenyes-szallasajanlo.hu\/"},{"@type":"ListItem","position":2,"name":"Na\u0161a ponuka","item":"https:\/\/www.gyekenyes-szallasajanlo.hu\/sk\/nasa-ponuka\/"},{"@type":"ListItem","position":3,"name":"96-98.- Zelen\u00e1 a oran\u017eov\u00e1"}]},{"@type":"WebSite","@id":"https:\/\/www.gyekenyes-szallasajanlo.hu\/#website","url":"https:\/\/www.gyekenyes-szallasajanlo.hu\/","name":"Gy\u00e9k\u00e9nyes sz\u00e1ll\u00e1saj\u00e1n\u00f3","description":"Gy\u00e9k\u00e9nyes sz\u00e1ll\u00e1saj\u00e1n\u00f3","potentialAction":[{"@type":"SearchAction","target":{"@type":"EntryPoint","urlTemplate":"https:\/\/www.gyekenyes-szallasajanlo.hu\/?s={search_term_string}"},"query-input":{"@type":"PropertyValueSpecification","valueRequired":true,"valueName":"search_term_string"}}],"inLanguage":"sk-SK"}]}},"_links":{"self":[{"href":"https:\/\/www.gyekenyes-szallasajanlo.hu\/sk\/wp-json\/wp\/v2\/pages\/547","targetHints":{"allow":["GET"]}}],"collection":[{"href":"https:\/\/www.gyekenyes-szallasajanlo.hu\/sk\/wp-json\/wp\/v2\/pages"}],"about":[{"href":"https:\/\/www.gyekenyes-szallasajanlo.hu\/sk\/wp-json\/wp\/v2\/types\/page"}],"author":[{"embeddable":true,"href":"https:\/\/www.gyekenyes-szallasajanlo.hu\/sk\/wp-json\/wp\/v2\/users\/1"}],"replies":[{"embeddable":true,"href":"https:\/\/www.gyekenyes-szallasajanlo.hu\/sk\/wp-json\/wp\/v2\/comments?post=547"}],"version-history":[{"count":0,"href":"https:\/\/www.gyekenyes-szallasajanlo.hu\/sk\/wp-json\/wp\/v2\/pages\/547\/revisions"}],"up":[{"embeddable":true,"href":"https:\/\/www.gyekenyes-szallasajanlo.hu\/sk\/wp-json\/wp\/v2\/pages\/494"}],"wp:featuredmedia":[{"embeddable":true,"href":"https:\/\/www.gyekenyes-szallasajanlo.hu\/sk\/wp-json\/wp\/v2\/media\/645"}],"wp:attachment":[{"href":"https:\/\/www.gyekenyes-szallasajanlo.hu\/sk\/wp-json\/wp\/v2\/media?parent=547"}],"curies":[{"name":"wp","href":"https:\/\/api.w.org\/{rel}","templated":true}]}}