{"id":213,"date":"2012-02-15T14:12:22","date_gmt":"2012-02-15T14:12:22","guid":{"rendered":"http:\/\/www.gyekenyes-szallasajanlo.hu\/?page_id=213"},"modified":"2012-02-23T09:58:05","modified_gmt":"2012-02-23T09:58:05","slug":"gyekenyes-3","status":"publish","type":"page","link":"https:\/\/www.gyekenyes-szallasajanlo.hu\/de\/gyekenyes-3\/","title":{"rendered":"Gy\u00e9k\u00e9nyes"},"content":{"rendered":"<p>Gy\u00e9k\u00e9nyes ist ein Dorf im Komitat Somogy, es hat ca. 1000 Einwohner. Das Dorf wurde durch seinen Baggersee bekannt.<\/p>\n<p>Das Geheimnis seiner Ber\u00fchmtheit liegt nicht nur am sauberen Wasser, das ca. 340 Hektar betr\u00e4gt, nicht nur an den legend\u00e4ren Fangen, sondern an der unber\u00fchrten und ruhigen Umwelt, die im ersten Blick die Reisenden fasziniert.<\/p>\n<p>Gy\u00e9k\u00e9nyes und seine Umgebung bedeutet eine entsprechende Erholungsm\u00f6glichkeit f\u00fcr die ganze Familie.<\/p>\n<p>Neben Sonnen und Angeln hat man die M\u00f6glichkeit unter anderem: zum Tauchen, Ausfl\u00fcge zu machen, und den Naturpark zu entdecken.<\/p>\n<p>Ausserdem, die traditionelle Schwimmprobe von dem Tratlon von Nagyat\u00e1d ist auch im See \u201eKotr\u00f3\u201d von Gy\u00e9k\u00e9nyes organisiert.<\/p>\n<p>Gy\u00e9k\u00e9nyes ist ein internationaler Bahnpunkt, es ist auch die wichtigste Grenzpunkt von S\u00fcd-Transdanubien auf der Route von Budapest-Zagreb-Rijeka.<\/p>\n<p><span style=\"text-decoration: underline;\"><strong>Die Geschichte von Gy\u00e9k\u00e9nyes<\/strong><\/span><\/p>\n<p>Gy\u00e9k\u00e9nyes wurde zuerst in den Dokumenten in den 1380er Jahren erw\u00e4hnt. Im Jahre 1446 war es der Besitz von der Familie Marczali, sp\u00e4ter geh\u00f6rte es den T\u00f6chtern von L\u00e1szl\u00f3 Z\u00e1k\u00e1nyi. \u00a0Im Jahre 1489 ist es der Grundst\u00fcck von Istv\u00e1n Szerdahelyi, sp\u00e4ter hat die Familie B\u00e1thory die Grundst\u00fccke von hier bekommen. In den Jahren 1598-99 war Ferenc N\u00e1dasdy der Besitzer. Nach dem Fall von Kanizsa, im Jahre 1600 haben die T\u00fcrken die Siedlung erobert.\u00a0 Im Jahre 1677 hat Lipot I. dem Erzbishof Gy\u00f6rgy Sz\u00e9chenyi dieses Gebiet erteilt, das kaum Einwohner hatte. Sogar in den 1720er Jahren war hier die Population nur ca. 200-300. Im Jahre 1733 waren Krist\u00f3f Festetics und J\u00e1nos Inkey, ab 1776 P\u00e1l Festetics und Graf Ferenc Sz\u00e9chenyi die Besitzer, und ab 1835 ist ach die Familie Zichy ein Besitzer von dem Gebiet.<\/p>\n<p>Im Jahre 1859 ein bedeutender Teil des Dorfes brannte ab. Im Jahre 1872 hat man in Als\u00f3gy\u00e9k\u00e9nyes gemeinsam mit Fels\u0151gy\u00e9k\u00e9nyes eine Kreisnotariat\u00a0 gegr\u00fcndet, und zehn Jahre sp\u00e4ter vereinigten sich die bis dann selbst\u00e4ndigen Siedlungen unter dem Namen Gy\u00e9k\u00e9nyes. Die Entwicklung nach dem Ausgleich hatte eine wohlt\u00e4tigende Wirkung auf die Gegend. Auf der Bahnbr\u00fccke \u00fcber den Drau verkehrte der erste Zug am 5-ten Januar 1870 in die kroatische\u00a0 Hauptstadt.<\/p>\n<p>Im Jahre 1907 hat das Dorf den Rang von einem Grossdorf erhalten. Nach der Grenzziehung nach dem Friedensvertrag von Trianon wurde Gy\u00e9k\u00e9nyes als Grenzbewachungsdorf bekannt.<\/p>\n<p>Im jahre 1932 hat man schon in der Kieselgrube am Rande des Dorfes die Produktion angefangen, die auch heute noch vielen den lebensunterhalt bedeutet.<\/p>\n<p>Die alte Schule am Szabads\u00e1g Platz wurde renoviert und in dem Geb\u00e4ude wurde das Betreuungshaus f\u00fcr alte Menschen er\u00f6ffnet, wo man Versorgung f\u00fcr die Not leidenden versichert, entweder k\u00f6nnen sie auch dort wohnen, oder tags\u00fcber sich dort aufhalten.<\/p>\n<p>Ab 1996 ist Gy\u00e9k\u00e9nyes Teil des Donau-Drau Nationalparks.<\/p>\n<p>N\u00fctzliche Links:<br \/>\n<a href=\"http:\/\/www.gyekenyes.hu\/\">http:\/\/www.gyekenyes.hu\/<\/a><br \/>\n<a href=\"http:\/\/www.gyekenyesihorgaszat.hu\/\">http:\/\/www.gyekenyesihorgaszat.hu\/<\/a><br \/>\n<a href=\"http:\/\/www.dravamedence.hu\">http:\/\/www.dravamedence.hu<\/a><br \/>\n<a href=\"http:\/\/www.ddnp.hu\/\">http:\/\/www.ddnp.hu\/<\/a><\/p>\n","protected":false},"excerpt":{"rendered":"<p>Gy\u00e9k\u00e9nyes ist ein Dorf im Komitat Somogy, es hat ca. 1000 Einwohner. Das Dorf wurde durch seinen Baggersee bekannt. Das Geheimnis seiner Ber\u00fchmtheit liegt nicht nur am sauberen Wasser, das ca. 340 Hektar betr\u00e4gt, nicht nur an den legend\u00e4ren Fangen, &hellip; <a href=\"https:\/\/www.gyekenyes-szallasajanlo.hu\/de\/gyekenyes-3\/\">Continue reading <span class=\"meta-nav\">&rarr;<\/span><\/a><\/p>\n","protected":false},"author":18,"featured_media":0,"parent":0,"menu_order":29,"comment_status":"open","ping_status":"closed","template":"","meta":{"footnotes":""},"class_list":["post-213","page","type-page","status-publish","hentry"],"yoast_head":"<!-- This site is optimized with the Yoast SEO plugin v26.7 - https:\/\/yoast.com\/wordpress\/plugins\/seo\/ -->\n<title>Gy\u00e9k\u00e9nyes sz\u00e1ll\u00e1saj\u00e1n\u00f3 - sz\u00e1ll\u00e1sok a gy\u00e9k\u00e9nyesi t\u00f3 partj\u00e1n<\/title>\n<meta name=\"description\" content=\"Ezen a honlapon t\u00e1j\u00e9koz\u00f3dhatnak a gy\u00e9k\u00e9nyesi t\u00f3r\u00f3l illetve a v\u00edzparti sz\u00e1ll\u00e1s lehet\u0151s\u00e9geinkr\u0151l. Itt seg\u00edts\u00e9get tal\u00e1lnak a horg\u00e1szh\u00e1zak, nyaral\u00f3k kiv\u00e1laszt\u00e1s\u00e1ban.\" \/>\n<meta name=\"robots\" content=\"index, follow, max-snippet:-1, max-image-preview:large, max-video-preview:-1\" \/>\n<link rel=\"canonical\" href=\"https:\/\/www.gyekenyes-szallasajanlo.hu\/gyekenyes\/\" \/>\n<meta name=\"twitter:label1\" content=\"Gesch\u00e4tzte Lesezeit\" \/>\n\t<meta name=\"twitter:data1\" content=\"2\u00a0Minuten\" \/>\n<script type=\"application\/ld+json\" class=\"yoast-schema-graph\">{\"@context\":\"https:\/\/schema.org\",\"@graph\":[{\"@type\":\"WebPage\",\"@id\":\"https:\/\/www.gyekenyes-szallasajanlo.hu\/gyekenyes\/\",\"url\":\"https:\/\/www.gyekenyes-szallasajanlo.hu\/gyekenyes\/\",\"name\":\"Gy\u00e9k\u00e9nyes sz\u00e1ll\u00e1saj\u00e1n\u00f3 - sz\u00e1ll\u00e1sok a gy\u00e9k\u00e9nyesi t\u00f3 partj\u00e1n\",\"isPartOf\":{\"@id\":\"https:\/\/www.gyekenyes-szallasajanlo.hu\/#website\"},\"datePublished\":\"2012-02-15T14:12:22+00:00\",\"dateModified\":\"2012-02-23T09:58:05+00:00\",\"description\":\"Ezen a honlapon t\u00e1j\u00e9koz\u00f3dhatnak a gy\u00e9k\u00e9nyesi t\u00f3r\u00f3l illetve a v\u00edzparti sz\u00e1ll\u00e1s lehet\u0151s\u00e9geinkr\u0151l. Itt seg\u00edts\u00e9get tal\u00e1lnak a horg\u00e1szh\u00e1zak, nyaral\u00f3k kiv\u00e1laszt\u00e1s\u00e1ban.\",\"breadcrumb\":{\"@id\":\"https:\/\/www.gyekenyes-szallasajanlo.hu\/gyekenyes\/#breadcrumb\"},\"inLanguage\":\"de\",\"potentialAction\":[{\"@type\":\"ReadAction\",\"target\":[\"https:\/\/www.gyekenyes-szallasajanlo.hu\/gyekenyes\/\"]}]},{\"@type\":\"BreadcrumbList\",\"@id\":\"https:\/\/www.gyekenyes-szallasajanlo.hu\/gyekenyes\/#breadcrumb\",\"itemListElement\":[{\"@type\":\"ListItem\",\"position\":1,\"name\":\"Kezd\u0151lap\",\"item\":\"https:\/\/www.gyekenyes-szallasajanlo.hu\/\"},{\"@type\":\"ListItem\",\"position\":2,\"name\":\"Gy\u00e9k\u00e9nyes\"}]},{\"@type\":\"WebSite\",\"@id\":\"https:\/\/www.gyekenyes-szallasajanlo.hu\/#website\",\"url\":\"https:\/\/www.gyekenyes-szallasajanlo.hu\/\",\"name\":\"Gy\u00e9k\u00e9nyes sz\u00e1ll\u00e1saj\u00e1n\u00f3\",\"description\":\"Gy\u00e9k\u00e9nyes sz\u00e1ll\u00e1saj\u00e1n\u00f3\",\"potentialAction\":[{\"@type\":\"SearchAction\",\"target\":{\"@type\":\"EntryPoint\",\"urlTemplate\":\"https:\/\/www.gyekenyes-szallasajanlo.hu\/?s={search_term_string}\"},\"query-input\":{\"@type\":\"PropertyValueSpecification\",\"valueRequired\":true,\"valueName\":\"search_term_string\"}}],\"inLanguage\":\"de\"}]}<\/script>\n<!-- \/ Yoast SEO plugin. -->","yoast_head_json":{"title":"Gy\u00e9k\u00e9nyes sz\u00e1ll\u00e1saj\u00e1n\u00f3 - sz\u00e1ll\u00e1sok a gy\u00e9k\u00e9nyesi t\u00f3 partj\u00e1n","description":"Ezen a honlapon t\u00e1j\u00e9koz\u00f3dhatnak a gy\u00e9k\u00e9nyesi t\u00f3r\u00f3l illetve a v\u00edzparti sz\u00e1ll\u00e1s lehet\u0151s\u00e9geinkr\u0151l. Itt seg\u00edts\u00e9get tal\u00e1lnak a horg\u00e1szh\u00e1zak, nyaral\u00f3k kiv\u00e1laszt\u00e1s\u00e1ban.","robots":{"index":"index","follow":"follow","max-snippet":"max-snippet:-1","max-image-preview":"max-image-preview:large","max-video-preview":"max-video-preview:-1"},"canonical":"https:\/\/www.gyekenyes-szallasajanlo.hu\/gyekenyes\/","twitter_misc":{"Gesch\u00e4tzte Lesezeit":"2\u00a0Minuten"},"schema":{"@context":"https:\/\/schema.org","@graph":[{"@type":"WebPage","@id":"https:\/\/www.gyekenyes-szallasajanlo.hu\/gyekenyes\/","url":"https:\/\/www.gyekenyes-szallasajanlo.hu\/gyekenyes\/","name":"Gy\u00e9k\u00e9nyes sz\u00e1ll\u00e1saj\u00e1n\u00f3 - sz\u00e1ll\u00e1sok a gy\u00e9k\u00e9nyesi t\u00f3 partj\u00e1n","isPartOf":{"@id":"https:\/\/www.gyekenyes-szallasajanlo.hu\/#website"},"datePublished":"2012-02-15T14:12:22+00:00","dateModified":"2012-02-23T09:58:05+00:00","description":"Ezen a honlapon t\u00e1j\u00e9koz\u00f3dhatnak a gy\u00e9k\u00e9nyesi t\u00f3r\u00f3l illetve a v\u00edzparti sz\u00e1ll\u00e1s lehet\u0151s\u00e9geinkr\u0151l. Itt seg\u00edts\u00e9get tal\u00e1lnak a horg\u00e1szh\u00e1zak, nyaral\u00f3k kiv\u00e1laszt\u00e1s\u00e1ban.","breadcrumb":{"@id":"https:\/\/www.gyekenyes-szallasajanlo.hu\/gyekenyes\/#breadcrumb"},"inLanguage":"de","potentialAction":[{"@type":"ReadAction","target":["https:\/\/www.gyekenyes-szallasajanlo.hu\/gyekenyes\/"]}]},{"@type":"BreadcrumbList","@id":"https:\/\/www.gyekenyes-szallasajanlo.hu\/gyekenyes\/#breadcrumb","itemListElement":[{"@type":"ListItem","position":1,"name":"Kezd\u0151lap","item":"https:\/\/www.gyekenyes-szallasajanlo.hu\/"},{"@type":"ListItem","position":2,"name":"Gy\u00e9k\u00e9nyes"}]},{"@type":"WebSite","@id":"https:\/\/www.gyekenyes-szallasajanlo.hu\/#website","url":"https:\/\/www.gyekenyes-szallasajanlo.hu\/","name":"Gy\u00e9k\u00e9nyes sz\u00e1ll\u00e1saj\u00e1n\u00f3","description":"Gy\u00e9k\u00e9nyes sz\u00e1ll\u00e1saj\u00e1n\u00f3","potentialAction":[{"@type":"SearchAction","target":{"@type":"EntryPoint","urlTemplate":"https:\/\/www.gyekenyes-szallasajanlo.hu\/?s={search_term_string}"},"query-input":{"@type":"PropertyValueSpecification","valueRequired":true,"valueName":"search_term_string"}}],"inLanguage":"de"}]}},"_links":{"self":[{"href":"https:\/\/www.gyekenyes-szallasajanlo.hu\/de\/wp-json\/wp\/v2\/pages\/213","targetHints":{"allow":["GET"]}}],"collection":[{"href":"https:\/\/www.gyekenyes-szallasajanlo.hu\/de\/wp-json\/wp\/v2\/pages"}],"about":[{"href":"https:\/\/www.gyekenyes-szallasajanlo.hu\/de\/wp-json\/wp\/v2\/types\/page"}],"author":[{"embeddable":true,"href":"https:\/\/www.gyekenyes-szallasajanlo.hu\/de\/wp-json\/wp\/v2\/users\/18"}],"replies":[{"embeddable":true,"href":"https:\/\/www.gyekenyes-szallasajanlo.hu\/de\/wp-json\/wp\/v2\/comments?post=213"}],"version-history":[{"count":0,"href":"https:\/\/www.gyekenyes-szallasajanlo.hu\/de\/wp-json\/wp\/v2\/pages\/213\/revisions"}],"wp:attachment":[{"href":"https:\/\/www.gyekenyes-szallasajanlo.hu\/de\/wp-json\/wp\/v2\/media?parent=213"}],"curies":[{"name":"wp","href":"https:\/\/api.w.org\/{rel}","templated":true}]}}